{"id":26,"date":"2015-12-19T23:26:14","date_gmt":"2015-12-19T22:26:14","guid":{"rendered":"http:\/\/nova.esperanto-jeunes.org\/?page_id=26"},"modified":"2026-02-01T22:07:59","modified_gmt":"2026-02-01T21:07:59","slug":"lassociation","status":"publish","type":"page","link":"https:\/\/esperanto-jeunes.org\/fr\/lassociation\/","title":{"rendered":"L\u2019association"},"content":{"rendered":"<p><span style=\"color: #000000;\">L\u2019association <span style=\"color: #004e96;\">Esp\u00e9ranto-Jeunes<\/span>, appel\u00e9e aussi <\/span><span style=\"color: #004e96;\">JEFO (Junulara Esperanta Franca Organizo)<\/span><span style=\"color: #000000;\">, est une association loi 1901.<\/span><\/p>\n<h4><span style=\"color: #004e96;\">Elle a pour buts\u00a0:<\/span><\/h4>\n<ul class=\"spip\" style=\"list-style-type: square;\">\n<li><span style=\"color: #000000;\">de promouvoir en France l\u2019enseignement et l\u2019utilisation de la langue internationale esp\u00e9ranto aupr\u00e8s des jeunes,<\/span><\/li>\n<li><span style=\"color: #000000;\">de promouvoir aupr\u00e8s des jeunes l\u2019apprentissage des langues en g\u00e9n\u00e9ral et des langues menac\u00e9es en particulier,<\/span><\/li>\n<li><span style=\"color: #000000;\">d\u2019organiser par et pour les jeunes des \u00e9changes interculturels dans le cadre d\u2019exp\u00e9riences d\u2019\u00e9ducation informelles<\/span><\/li>\n<li><span style=\"color: #000000;\">de soutenir des actions de solidarit\u00e9 internationale dans le domaine de l\u2019\u00e9ducation des jeunes.<\/span><\/li>\n<\/ul>\n<p><span style=\"color: #000000;\">Esp\u00e9ranto-Jeunes est neutre \u00e0 l\u2019\u00e9gard de toute opinion politique, philosophique ou religieuse et \u00e0 l\u2019\u00e9gard de tout syndicat.<\/span><\/p>\n<p><span style=\"color: #000000;\">L\u2019ensemble des membres actifs est invit\u00e9 \u00e0 se r\u00e9unir une fois par an pour l\u2019Assembl\u00e9e G\u00e9n\u00e9rale, au cours de laquelle ils \u00e9lisent le Conseil d\u2019Administration qui lui-m\u00eame \u00e9lit le bureau.<\/span><\/p>\n<h4><span style=\"color: #004e96;\">Membres du Conseil d&#8217;Administration <span style=\"color: #000000;\">(les membres marqu\u00e9s d&#8217;un ast\u00e9risque sont \u00e9galement membres du bureau) <span style=\"color: #004e96;\">:<\/span><\/span><\/span><\/h4>\n<ul style=\"list-style-type: square;\">\n<li><span style=\"color: #000000;\">Briac<\/span> <span style=\"color: #004e96;\">*<\/span><\/li>\n<li><span style=\"color: #000000;\">Gabin<\/span> <span style=\"color: #004e96;\">*<\/span><\/li>\n<li><span style=\"color: #000000;\">David<\/span> <span style=\"color: #004e96;\">*<\/span><\/li>\n<li><span style=\"color: #000000;\">In\u00e8s<\/span> <span style=\"color: #004e96;\">*<\/span><\/li>\n<li><span style=\"color: #000000;\">Valentin<\/span><\/li>\n<\/ul>\n<h4><span style=\"color: #004e96;\">* Membres du bureau :<\/span><\/h4>\n<ul style=\"list-style-type: square;\">\n<li><span style=\"color: #000000;\"><span style=\"color: #004e96;\">Pr\u00e9sident et repr\u00e9sentant aupr\u00e8s d&#8217;Esp\u00e9ranto-France :<\/span> Briac<\/span><\/li>\n<li><span style=\"color: #000000;\"><span style=\"color: #004e96;\">Vice-pr\u00e9sidents :<\/span> Gabin<\/span><\/li>\n<li><span style=\"color: #000000;\"><span style=\"color: #004e96;\">Secr\u00e9taire :<\/span> David<\/span><\/li>\n<li><span style=\"color: #000000;\"><span style=\"color: #004e96;\">Tr\u00e9sorier :<\/span> In\u00e8s<\/span><\/li>\n<\/ul>\n<p><\/p>","protected":false},"excerpt":{"rendered":"<p>L\u2019association Esp\u00e9ranto-Jeunes, appel\u00e9e aussi JEFO (Junulara Esperanta Franca Organizo), est une association loi 1901. Elle a pour buts\u00a0: de promouvoir en France l\u2019enseignement et l\u2019utilisation de la langue internationale esp\u00e9ranto aupr\u00e8s des jeunes, de promouvoir aupr\u00e8s des jeunes l\u2019apprentissage des&#8230;<br \/><a class=\"read-more-button\" href=\"https:\/\/esperanto-jeunes.org\/fr\/lassociation\/\">Savoir plus<\/a><\/p>\n","protected":false},"author":1,"featured_media":719,"parent":0,"menu_order":0,"comment_status":"closed","ping_status":"closed","template":"","meta":[],"_links":{"self":[{"href":"https:\/\/esperanto-jeunes.org\/fr\/wp-json\/wp\/v2\/pages\/26"}],"collection":[{"href":"https:\/\/esperanto-jeunes.org\/fr\/wp-json\/wp\/v2\/pages"}],"about":[{"href":"https:\/\/esperanto-jeunes.org\/fr\/wp-json\/wp\/v2\/types\/page"}],"author":[{"embeddable":true,"href":"https:\/\/esperanto-jeunes.org\/fr\/wp-json\/wp\/v2\/users\/1"}],"replies":[{"embeddable":true,"href":"https:\/\/esperanto-jeunes.org\/fr\/wp-json\/wp\/v2\/comments?post=26"}],"version-history":[{"count":50,"href":"https:\/\/esperanto-jeunes.org\/fr\/wp-json\/wp\/v2\/pages\/26\/revisions"}],"predecessor-version":[{"id":868,"href":"https:\/\/esperanto-jeunes.org\/fr\/wp-json\/wp\/v2\/pages\/26\/revisions\/868"}],"wp:featuredmedia":[{"embeddable":true,"href":"https:\/\/esperanto-jeunes.org\/fr\/wp-json\/wp\/v2\/media\/719"}],"wp:attachment":[{"href":"https:\/\/esperanto-jeunes.org\/fr\/wp-json\/wp\/v2\/media?parent=26"}],"curies":[{"name":"wp","href":"https:\/\/api.w.org\/{rel}","templated":true}]}}